{"id":5080,"date":"2024-05-15T15:51:56","date_gmt":"2024-05-15T15:51:56","guid":{"rendered":"https:\/\/ayodele.cv\/imobiliaria\/?page_id=5080"},"modified":"2024-05-15T20:31:38","modified_gmt":"2024-05-15T20:31:38","slug":"boa-vista","status":"publish","type":"page","link":"https:\/\/ayodele.cv\/imobiliaria\/boa-vista\/","title":{"rendered":"Boa Vista"},"content":{"rendered":"\t\t<div data-elementor-type=\"wp-post\" data-elementor-id=\"5080\" class=\"elementor elementor-5080\">\n\t\t\t\t\t\t\t\t\t<section class=\"elementor-section elementor-top-section elementor-element elementor-element-58636f5 elementor-section-height-min-height animated-slow elementor-section-boxed elementor-section-height-default elementor-section-items-middle elementor-invisible\" data-id=\"58636f5\" data-element_type=\"section\" data-settings=\"{&quot;background_background&quot;:&quot;classic&quot;,&quot;animation&quot;:&quot;fadeIn&quot;}\">\n\t\t\t\t\t\t\t<div class=\"elementor-background-overlay\"><\/div>\n\t\t\t\t\t\t\t<div class=\"elementor-container elementor-column-gap-default\">\n\t\t\t\t\t<div class=\"elementor-column elementor-col-100 elementor-top-column elementor-element elementor-element-35686b8\" data-id=\"35686b8\" data-element_type=\"column\">\n\t\t\t<div class=\"elementor-widget-wrap elementor-element-populated\">\n\t\t\t\t\t\t\t\t<div class=\"elementor-element elementor-element-d4db577 elementor-widget elementor-widget-heading\" data-id=\"d4db577\" data-element_type=\"widget\" data-widget_type=\"heading.default\">\n\t\t\t\t<div class=\"elementor-widget-container\">\n\t\t\t<style>\/*! elementor - v3.18.0 - 08-12-2023 *\/\n.elementor-heading-title{padding:0;margin:0;line-height:1}.elementor-widget-heading .elementor-heading-title[class*=elementor-size-]>a{color:inherit;font-size:inherit;line-height:inherit}.elementor-widget-heading .elementor-heading-title.elementor-size-small{font-size:15px}.elementor-widget-heading .elementor-heading-title.elementor-size-medium{font-size:19px}.elementor-widget-heading .elementor-heading-title.elementor-size-large{font-size:29px}.elementor-widget-heading .elementor-heading-title.elementor-size-xl{font-size:39px}.elementor-widget-heading .elementor-heading-title.elementor-size-xxl{font-size:59px}<\/style><h1 class=\"elementor-heading-title elementor-size-default\">Ilha da Boa Vista <\/h1>\t\t<\/div>\n\t\t\t\t<\/div>\n\t\t\t\t\t<\/div>\n\t\t<\/div>\n\t\t\t\t\t\t\t<\/div>\n\t\t<\/section>\n\t\t\t\t<section class=\"elementor-section elementor-top-section elementor-element elementor-element-42bfcf0f elementor-section-boxed elementor-section-height-default elementor-section-height-default\" data-id=\"42bfcf0f\" data-element_type=\"section\" data-settings=\"{&quot;background_background&quot;:&quot;classic&quot;}\">\n\t\t\t\t\t\t<div class=\"elementor-container elementor-column-gap-default\">\n\t\t\t\t\t<div class=\"elementor-column elementor-col-100 elementor-top-column elementor-element elementor-element-6f1f1576\" data-id=\"6f1f1576\" data-element_type=\"column\">\n\t\t\t<div class=\"elementor-widget-wrap elementor-element-populated\">\n\t\t\t\t\t\t\t\t<div class=\"elementor-element elementor-element-12266f75 elementor-widget elementor-widget-spacer\" data-id=\"12266f75\" data-element_type=\"widget\" data-widget_type=\"spacer.default\">\n\t\t\t\t<div class=\"elementor-widget-container\">\n\t\t\t<style>\/*! elementor - v3.18.0 - 08-12-2023 *\/\n.elementor-column .elementor-spacer-inner{height:var(--spacer-size)}.e-con{--container-widget-width:100%}.e-con-inner>.elementor-widget-spacer,.e-con>.elementor-widget-spacer{width:var(--container-widget-width,var(--spacer-size));--align-self:var(--container-widget-align-self,initial);--flex-shrink:0}.e-con-inner>.elementor-widget-spacer>.elementor-widget-container,.e-con>.elementor-widget-spacer>.elementor-widget-container{height:100%;width:100%}.e-con-inner>.elementor-widget-spacer>.elementor-widget-container>.elementor-spacer,.e-con>.elementor-widget-spacer>.elementor-widget-container>.elementor-spacer{height:100%}.e-con-inner>.elementor-widget-spacer>.elementor-widget-container>.elementor-spacer>.elementor-spacer-inner,.e-con>.elementor-widget-spacer>.elementor-widget-container>.elementor-spacer>.elementor-spacer-inner{height:var(--container-widget-height,var(--spacer-size))}.e-con-inner>.elementor-widget-spacer.elementor-widget-empty,.e-con>.elementor-widget-spacer.elementor-widget-empty{position:relative;min-height:22px;min-width:22px}.e-con-inner>.elementor-widget-spacer.elementor-widget-empty .elementor-widget-empty-icon,.e-con>.elementor-widget-spacer.elementor-widget-empty .elementor-widget-empty-icon{position:absolute;top:0;bottom:0;left:0;right:0;margin:auto;padding:0;width:22px;height:22px}<\/style>\t\t<div class=\"elementor-spacer\">\n\t\t\t<div class=\"elementor-spacer-inner\"><\/div>\n\t\t<\/div>\n\t\t\t\t<\/div>\n\t\t\t\t<\/div>\n\t\t\t\t<div class=\"elementor-element elementor-element-7afc1f5d animated-slow elementor-invisible elementor-widget elementor-widget-houzez_elementor_section_title\" data-id=\"7afc1f5d\" data-element_type=\"widget\" data-settings=\"{&quot;_animation&quot;:&quot;fadeInLeft&quot;}\" data-widget_type=\"houzez_elementor_section_title.default\">\n\t\t\t\t<div class=\"elementor-widget-container\">\n\t\t\t            <div class=\"houzez_section_title_wrap section-title-module\">\n                                    <h2 class=\"houzez_section_title\">Im\u00f3veis Boa Vista <\/h2>\n                \n                            <\/div>\n            \t\t<\/div>\n\t\t\t\t<\/div>\n\t\t\t\t<div class=\"elementor-element elementor-element-d7a374a elementor-widget elementor-widget-houzez_elementor_properties\" data-id=\"d7a374a\" data-element_type=\"widget\" data-widget_type=\"houzez_elementor_properties.default\">\n\t\t\t\t<div class=\"elementor-widget-container\">\n\t\t\t\t\t\r\n\t\t<div id=\"properties_module_section\" class=\"property-cards-module property-cards-module-v1 property-cards-module-3-cols\">\r\n\t\t\t<div id=\"module_properties\" class=\"listing-view grid-view card-deck grid-view-3-cols\">\r\n\t\t\t\t<div class=\"item-listing-wrap hz-item-gallery-js card\" data-hz-id=\"hz-5960\" data-images=\"[&quot;https:\\\/\\\/ayodele.cv\\\/imobiliaria\\\/wp-content\\\/uploads\\\/2024\\\/06\\\/Greenyard-English-2-page-00001.jpg&quot;,&quot;https:\\\/\\\/ayodele.cv\\\/imobiliaria\\\/wp-content\\\/uploads\\\/2024\\\/06\\\/Greenyard-English-2-page-00001.jpg&quot;,&quot;https:\\\/\\\/ayodele.cv\\\/imobiliaria\\\/wp-content\\\/uploads\\\/2024\\\/06\\\/Greenyard-English-5-page-00001.jpg&quot;,&quot;https:\\\/\\\/ayodele.cv\\\/imobiliaria\\\/wp-content\\\/uploads\\\/2024\\\/06\\\/Greenyard-English-7-page-00001.jpg&quot;,&quot;https:\\\/\\\/ayodele.cv\\\/imobiliaria\\\/wp-content\\\/uploads\\\/2024\\\/06\\\/Greenyard-English-8-page-00001.jpg&quot;,&quot;https:\\\/\\\/ayodele.cv\\\/imobiliaria\\\/wp-content\\\/uploads\\\/2024\\\/06\\\/Greenyard-English-9-page-00001.jpg&quot;,&quot;https:\\\/\\\/ayodele.cv\\\/imobiliaria\\\/wp-content\\\/uploads\\\/2024\\\/06\\\/Greenyard-English-10-page-00001.jpg&quot;,&quot;https:\\\/\\\/ayodele.cv\\\/imobiliaria\\\/wp-content\\\/uploads\\\/2024\\\/06\\\/Greenyard-English-11-page-00001.jpg&quot;,&quot;https:\\\/\\\/ayodele.cv\\\/imobiliaria\\\/wp-content\\\/uploads\\\/2024\\\/06\\\/Greenyard-English-14-page-00001.jpg&quot;,&quot;https:\\\/\\\/ayodele.cv\\\/imobiliaria\\\/wp-content\\\/uploads\\\/2024\\\/06\\\/Greenyard-English-16-page-00001.jpg&quot;,&quot;https:\\\/\\\/ayodele.cv\\\/imobiliaria\\\/wp-content\\\/uploads\\\/2024\\\/06\\\/Greenyard-English-17-page-00001.jpg&quot;,&quot;https:\\\/\\\/ayodele.cv\\\/imobiliaria\\\/wp-content\\\/uploads\\\/2024\\\/06\\\/Greenyard-English-18-page-00001.jpg&quot;,&quot;https:\\\/\\\/ayodele.cv\\\/imobiliaria\\\/wp-content\\\/uploads\\\/2024\\\/06\\\/Greenyard-English-20-page-00001.jpg&quot;,&quot;https:\\\/\\\/ayodele.cv\\\/imobiliaria\\\/wp-content\\\/uploads\\\/2024\\\/06\\\/Greenyard-English-21-page-00001.jpg&quot;,&quot;https:\\\/\\\/ayodele.cv\\\/imobiliaria\\\/wp-content\\\/uploads\\\/2024\\\/06\\\/Greenyard-English-22-page-00001.jpg&quot;,&quot;https:\\\/\\\/ayodele.cv\\\/imobiliaria\\\/wp-content\\\/uploads\\\/2024\\\/06\\\/Greenyard-English-30-page-00001.jpg&quot;,&quot;https:\\\/\\\/ayodele.cv\\\/imobiliaria\\\/wp-content\\\/uploads\\\/2024\\\/06\\\/Greenyard-English-33-page-00001.jpg&quot;,&quot;https:\\\/\\\/ayodele.cv\\\/imobiliaria\\\/wp-content\\\/uploads\\\/2024\\\/06\\\/Greenyard-English-36-page-00001.jpg&quot;,&quot;https:\\\/\\\/ayodele.cv\\\/imobiliaria\\\/wp-content\\\/uploads\\\/2024\\\/06\\\/Greenyard-English-53-page-00001.jpg&quot;,&quot;https:\\\/\\\/ayodele.cv\\\/imobiliaria\\\/wp-content\\\/uploads\\\/2024\\\/06\\\/Greenyard-English-58-page-00001.jpg&quot;,&quot;https:\\\/\\\/ayodele.cv\\\/imobiliaria\\\/wp-content\\\/uploads\\\/2024\\\/06\\\/Greenyard-English-61-page-00001.jpg&quot;]\">\n\t<div class=\"item-wrap item-wrap-v1 item-wrap-no-frame h-100\">\n\t\t<div class=\"d-flex align-items-center h-100\">\n\t\t\t<div class=\"item-header\">\n\t\t\t\t<span class=\"label-featured label\">Destaque<\/span>\t\t\t\t\t\t\t\t<ul class=\"item-price-wrap hide-on-list\">\n\t<li class=\"item-price item-price-text\"><\/li><\/ul>\t\t\t\t<ul class=\"item-tools\">\n\n        <li class=\"item-tool item-preview\">\n        <span class=\"hz-show-lightbox-js\" data-listid=\"5960\" data-toggle=\"tooltip\" data-placement=\"top\" title=\"Visualizar\">\n                <i class=\"houzez-icon icon-expand-3\"><\/i>   \n        <\/span><!-- item-tool-favorite -->\n    <\/li><!-- item-tool -->\n        \n        <li class=\"item-tool item-favorite\">\n        <span class=\"add-favorite-js item-tool-favorite\" data-toggle=\"tooltip\" data-placement=\"top\" title=\"Favoritos\" data-listid=\"5960\">\n            <i class=\"houzez-icon icon-love-it \"><\/i> \n        <\/span><!-- item-tool-favorite -->\n    <\/li><!-- item-tool -->\n    \n        <li class=\"item-tool item-compare\">\n        <span class=\"houzez_compare compare-5960 item-tool-compare show-compare-panel\" data-toggle=\"tooltip\" data-placement=\"top\" title=\"Adicionar compara\u00e7\u00e3o\" data-listing_id=\"5960\" data-listing_image=\"https:\/\/ayodele.cv\/imobiliaria\/wp-content\/uploads\/2024\/06\/Greenyard-English-2-page-00001.jpg\">\n            <i class=\"houzez-icon icon-add-circle\"><\/i>\n        <\/span><!-- item-tool-compare -->\n    <\/li><!-- item-tool -->\n    <\/ul><!-- item-tools -->\n\t\t\t\t<div class=\"listing-image-wrap\">\n\t<div class=\"listing-thumb\">\n\t\t<a href=\"https:\/\/ayodele.cv\/imobiliaria\/property\/disponivel-para-venda-complexo-de-vilas-localizado-na-praia-do-estoril-em-sal-rei-boavista-cabo-verde\/\" class=\"listing-featured-thumb hover-effect\">\n\t\t\t<img fetchpriority=\"high\" decoding=\"async\" width=\"466\" height=\"333\" src=\"https:\/\/ayodele.cv\/imobiliaria\/wp-content\/uploads\/2024\/06\/Greenyard-English-2-page-00001.jpg\" class=\"img-fluid wp-post-image\" alt=\"\" srcset=\"https:\/\/ayodele.cv\/imobiliaria\/wp-content\/uploads\/2024\/06\/Greenyard-English-2-page-00001.jpg 466w, https:\/\/ayodele.cv\/imobiliaria\/wp-content\/uploads\/2024\/06\/Greenyard-English-2-page-00001-300x214.jpg 300w\" sizes=\"(max-width: 466px) 100vw, 466px\" \/>\t\t<\/a><!-- hover-effect -->\n\t<\/div>\n<\/div>\n\t\t\t\t<div class=\"preview_loader\"><\/div>\n\t\t\t<\/div><!-- item-header -->\t\n\t\t\t<div class=\"item-body flex-grow-1\">\n\t\t\t\t\t\t\t\t<h2 class=\"item-title\">\n\t<a href=\"https:\/\/ayodele.cv\/imobiliaria\/property\/disponivel-para-venda-complexo-de-vilas-localizado-na-praia-do-estoril-em-sal-rei-boavista-cabo-verde\/\">Dispon\u00edvel Para Venda Complexo de Vilas, localizado Na Praia do Estoril, em Sal Rei, Boa Vista, Cabo Verde<\/a>\n<\/h2><!-- item-title -->\t\t\t\t<ul class=\"item-price-wrap hide-on-list\">\n\t<li class=\"item-price item-price-text\"><\/li><\/ul>\t\t\t\t<address class=\"item-address\">Boa Vista, Cabo Verde<\/address>\t\t\t\t<ul class=\"item-amenities item-amenities-with-icons\">\n\t<li class=\"h-cars\"><i class=\"houzez-icon icon-car-1 mr-1\"><\/i><span class=\"item-amenities-text\">Garagem:<\/span> <span class=\"hz-figure\">0<\/span><\/li><\/ul>\t\t\t\t<a class=\"btn btn-primary btn-item \" href=\"https:\/\/ayodele.cv\/imobiliaria\/property\/disponivel-para-venda-complexo-de-vilas-localizado-na-praia-do-estoril-em-sal-rei-boavista-cabo-verde\/\">\n\tDetalhes<\/a><!-- btn-item -->\n\t\t\t\t<div class=\"item-author\">\n\t<i class=\"houzez-icon icon-single-neutral mr-1\"><\/i>\n\t<a href=\"https:\/\/ayodele.cv\/imobiliaria\/agent\/brittany-watkins\/\">Paulo Rocha<\/a> <\/div><!-- item-author -->\n\t\t\t\t<div class=\"item-date\">\n\t<i class=\"houzez-icon icon-attachment mr-1\"><\/i>\n\t2 anos atr\u00e1s<\/div><!-- item-date -->\n\t\t\t<\/div><!-- item-body -->\n\n\t\t\t\t\t\t<div class=\"item-footer clearfix\">\n\t\t\t\t<div class=\"item-author\">\n\t<i class=\"houzez-icon icon-single-neutral mr-1\"><\/i>\n\t<a href=\"https:\/\/ayodele.cv\/imobiliaria\/agent\/brittany-watkins\/\">Paulo Rocha<\/a> <\/div><!-- item-author -->\n\t\t\t\t<div class=\"item-date\">\n\t<i class=\"houzez-icon icon-attachment mr-1\"><\/i>\n\t2 anos atr\u00e1s<\/div><!-- item-date -->\n\t\t\t<\/div>\n\t\t\t\t\t<\/div><!-- d-flex -->\n\t<\/div><!-- item-wrap -->\n<\/div><!-- item-listing-wrap --><div class=\"item-listing-wrap hz-item-gallery-js card\" data-hz-id=\"hz-5654\" data-images=\"[&quot;https:\\\/\\\/ayodele.cv\\\/imobiliaria\\\/wp-content\\\/uploads\\\/2024\\\/06\\\/415227062_740391508006548_5828147585460175128_n.jpg&quot;,&quot;https:\\\/\\\/ayodele.cv\\\/imobiliaria\\\/wp-content\\\/uploads\\\/2024\\\/06\\\/414492419_740391481339884_6800038622572435549_n.jpg&quot;,&quot;https:\\\/\\\/ayodele.cv\\\/imobiliaria\\\/wp-content\\\/uploads\\\/2024\\\/06\\\/415186771_740392201339812_2926651592458199266_n-592x444.jpg&quot;,&quot;https:\\\/\\\/ayodele.cv\\\/imobiliaria\\\/wp-content\\\/uploads\\\/2024\\\/06\\\/415205381_740392448006454_8413537352171779990_n-592x444.jpg&quot;,&quot;https:\\\/\\\/ayodele.cv\\\/imobiliaria\\\/wp-content\\\/uploads\\\/2024\\\/06\\\/415208964_740392531339779_1571252009358357522_n-592x444.jpg&quot;,&quot;https:\\\/\\\/ayodele.cv\\\/imobiliaria\\\/wp-content\\\/uploads\\\/2024\\\/06\\\/415209687_740392028006496_48828540399425651_n-592x444.jpg&quot;,&quot;https:\\\/\\\/ayodele.cv\\\/imobiliaria\\\/wp-content\\\/uploads\\\/2024\\\/06\\\/415214934_740391921339840_1831674554362676381_n-512x444.jpg&quot;,&quot;https:\\\/\\\/ayodele.cv\\\/imobiliaria\\\/wp-content\\\/uploads\\\/2024\\\/06\\\/415215159_740392498006449_4429142450645650264_n-592x444.jpg&quot;,&quot;https:\\\/\\\/ayodele.cv\\\/imobiliaria\\\/wp-content\\\/uploads\\\/2024\\\/06\\\/415215245_740392648006434_7028390532936951183_n.jpg&quot;,&quot;https:\\\/\\\/ayodele.cv\\\/imobiliaria\\\/wp-content\\\/uploads\\\/2024\\\/06\\\/415227062_740391508006548_5828147585460175128_n.jpg&quot;,&quot;https:\\\/\\\/ayodele.cv\\\/imobiliaria\\\/wp-content\\\/uploads\\\/2024\\\/06\\\/415236954_740392484673117_2631647802780229481_n-592x444.jpg&quot;]\">\n\t<div class=\"item-wrap item-wrap-v1 item-wrap-no-frame h-100\">\n\t\t<div class=\"d-flex align-items-center h-100\">\n\t\t\t<div class=\"item-header\">\n\t\t\t\t<span class=\"label-featured label\">Destaque<\/span>\t\t\t\t\t\t\t\t<ul class=\"item-price-wrap hide-on-list\">\n\t<li class=\"item-price item-price-text\"><\/li><\/ul>\t\t\t\t<ul class=\"item-tools\">\n\n        <li class=\"item-tool item-preview\">\n        <span class=\"hz-show-lightbox-js\" data-listid=\"5654\" data-toggle=\"tooltip\" data-placement=\"top\" title=\"Visualizar\">\n                <i class=\"houzez-icon icon-expand-3\"><\/i>   \n        <\/span><!-- item-tool-favorite -->\n    <\/li><!-- item-tool -->\n        \n        <li class=\"item-tool item-favorite\">\n        <span class=\"add-favorite-js item-tool-favorite\" data-toggle=\"tooltip\" data-placement=\"top\" title=\"Favoritos\" data-listid=\"5654\">\n            <i class=\"houzez-icon icon-love-it \"><\/i> \n        <\/span><!-- item-tool-favorite -->\n    <\/li><!-- item-tool -->\n    \n        <li class=\"item-tool item-compare\">\n        <span class=\"houzez_compare compare-5654 item-tool-compare show-compare-panel\" data-toggle=\"tooltip\" data-placement=\"top\" title=\"Adicionar compara\u00e7\u00e3o\" data-listing_id=\"5654\" data-listing_image=\"https:\/\/ayodele.cv\/imobiliaria\/wp-content\/uploads\/2024\/06\/415227062_740391508006548_5828147585460175128_n.jpg\">\n            <i class=\"houzez-icon icon-add-circle\"><\/i>\n        <\/span><!-- item-tool-compare -->\n    <\/li><!-- item-tool -->\n    <\/ul><!-- item-tools -->\n\t\t\t\t<div class=\"listing-image-wrap\">\n\t<div class=\"listing-thumb\">\n\t\t<a href=\"https:\/\/ayodele.cv\/imobiliaria\/property\/disponivel-para-venda-2-dois-apartamentos-t2-res-do-chao-e-primeiro-andar-em-condominio-fechado-vila-cabral-2-boavista-cabo-verde\/\" class=\"listing-featured-thumb hover-effect\">\n\t\t\t<img decoding=\"async\" width=\"512\" height=\"237\" src=\"https:\/\/ayodele.cv\/imobiliaria\/wp-content\/uploads\/2024\/06\/415227062_740391508006548_5828147585460175128_n.jpg\" class=\"img-fluid wp-post-image\" alt=\"\" srcset=\"https:\/\/ayodele.cv\/imobiliaria\/wp-content\/uploads\/2024\/06\/415227062_740391508006548_5828147585460175128_n.jpg 512w, https:\/\/ayodele.cv\/imobiliaria\/wp-content\/uploads\/2024\/06\/415227062_740391508006548_5828147585460175128_n-300x139.jpg 300w, https:\/\/ayodele.cv\/imobiliaria\/wp-content\/uploads\/2024\/06\/415227062_740391508006548_5828147585460175128_n-496x230.jpg 496w\" sizes=\"(max-width: 512px) 100vw, 512px\" \/>\t\t<\/a><!-- hover-effect -->\n\t<\/div>\n<\/div>\n\t\t\t\t<div class=\"preview_loader\"><\/div>\n\t\t\t<\/div><!-- item-header -->\t\n\t\t\t<div class=\"item-body flex-grow-1\">\n\t\t\t\t\t\t\t\t<h2 class=\"item-title\">\n\t<a href=\"https:\/\/ayodele.cv\/imobiliaria\/property\/disponivel-para-venda-2-dois-apartamentos-t2-res-do-chao-e-primeiro-andar-em-condominio-fechado-vila-cabral-2-boavista-cabo-verde\/\">Dispon\u00edvel para venda 2 (dois) apartamentos T2, r\u00e9s do ch\u00e3o e primeiro andar, em condom\u00ednio fechado, Vila Cabral 2, Boavista, Cabo Verde<\/a>\n<\/h2><!-- item-title -->\t\t\t\t<ul class=\"item-price-wrap hide-on-list\">\n\t<li class=\"item-price item-price-text\"><\/li><\/ul>\t\t\t\t<address class=\"item-address\">Boa Vista, Cabo Verde<\/address>\t\t\t\t<ul class=\"item-amenities item-amenities-with-icons\">\n\t<li class=\"h-cars\"><i class=\"houzez-icon icon-car-1 mr-1\"><\/i><span class=\"item-amenities-text\">Garagem:<\/span> <span class=\"hz-figure\">1<\/span><\/li><\/ul>\t\t\t\t<a class=\"btn btn-primary btn-item \" href=\"https:\/\/ayodele.cv\/imobiliaria\/property\/disponivel-para-venda-2-dois-apartamentos-t2-res-do-chao-e-primeiro-andar-em-condominio-fechado-vila-cabral-2-boavista-cabo-verde\/\">\n\tDetalhes<\/a><!-- btn-item -->\n\t\t\t\t<div class=\"item-author\">\n\t<i class=\"houzez-icon icon-single-neutral mr-1\"><\/i>\n\t<a href=\"https:\/\/ayodele.cv\/imobiliaria\/agent\/brittany-watkins\/\">Paulo Rocha<\/a> <\/div><!-- item-author -->\n\t\t\t\t<div class=\"item-date\">\n\t<i class=\"houzez-icon icon-attachment mr-1\"><\/i>\n\t2 anos atr\u00e1s<\/div><!-- item-date -->\n\t\t\t<\/div><!-- item-body -->\n\n\t\t\t\t\t\t<div class=\"item-footer clearfix\">\n\t\t\t\t<div class=\"item-author\">\n\t<i class=\"houzez-icon icon-single-neutral mr-1\"><\/i>\n\t<a href=\"https:\/\/ayodele.cv\/imobiliaria\/agent\/brittany-watkins\/\">Paulo Rocha<\/a> <\/div><!-- item-author -->\n\t\t\t\t<div class=\"item-date\">\n\t<i class=\"houzez-icon icon-attachment mr-1\"><\/i>\n\t2 anos atr\u00e1s<\/div><!-- item-date -->\n\t\t\t<\/div>\n\t\t\t\t\t<\/div><!-- d-flex -->\n\t<\/div><!-- item-wrap -->\n<\/div><!-- item-listing-wrap --><div class=\"item-listing-wrap hz-item-gallery-js card\" data-hz-id=\"hz-5325\" data-images=\"[&quot;https:\\\/\\\/ayodele.cv\\\/imobiliaria\\\/wp-content\\\/uploads\\\/2024\\\/05\\\/batch_IMG-6332-592x444.jpg&quot;,&quot;https:\\\/\\\/ayodele.cv\\\/imobiliaria\\\/wp-content\\\/uploads\\\/2024\\\/05\\\/batch_IMG-6332-592x444.jpg&quot;,&quot;https:\\\/\\\/ayodele.cv\\\/imobiliaria\\\/wp-content\\\/uploads\\\/2024\\\/05\\\/batch_IMG-6333-592x444.jpg&quot;,&quot;https:\\\/\\\/ayodele.cv\\\/imobiliaria\\\/wp-content\\\/uploads\\\/2024\\\/05\\\/batch_IMG-6334-576x444.jpg&quot;]\">\n\t<div class=\"item-wrap item-wrap-v1 item-wrap-no-frame h-100\">\n\t\t<div class=\"d-flex align-items-center h-100\">\n\t\t\t<div class=\"item-header\">\n\t\t\t\t<span class=\"label-featured label\">Destaque<\/span>\t\t\t\t\t\t\t\t<ul class=\"item-price-wrap hide-on-list\">\n\t<li class=\"item-price item-price-text\"><\/li><\/ul>\t\t\t\t<ul class=\"item-tools\">\n\n        <li class=\"item-tool item-preview\">\n        <span class=\"hz-show-lightbox-js\" data-listid=\"5325\" data-toggle=\"tooltip\" data-placement=\"top\" title=\"Visualizar\">\n                <i class=\"houzez-icon icon-expand-3\"><\/i>   \n        <\/span><!-- item-tool-favorite -->\n    <\/li><!-- item-tool -->\n        \n        <li class=\"item-tool item-favorite\">\n        <span class=\"add-favorite-js item-tool-favorite\" data-toggle=\"tooltip\" data-placement=\"top\" title=\"Favoritos\" data-listid=\"5325\">\n            <i class=\"houzez-icon icon-love-it \"><\/i> \n        <\/span><!-- item-tool-favorite -->\n    <\/li><!-- item-tool -->\n    \n        <li class=\"item-tool item-compare\">\n        <span class=\"houzez_compare compare-5325 item-tool-compare show-compare-panel\" data-toggle=\"tooltip\" data-placement=\"top\" title=\"Adicionar compara\u00e7\u00e3o\" data-listing_id=\"5325\" data-listing_image=\"https:\/\/ayodele.cv\/imobiliaria\/wp-content\/uploads\/2024\/05\/batch_IMG-6332-592x444.jpg\">\n            <i class=\"houzez-icon icon-add-circle\"><\/i>\n        <\/span><!-- item-tool-compare -->\n    <\/li><!-- item-tool -->\n    <\/ul><!-- item-tools -->\n\t\t\t\t<div class=\"listing-image-wrap\">\n\t<div class=\"listing-thumb\">\n\t\t<a href=\"https:\/\/ayodele.cv\/imobiliaria\/property\/disponivel-para-venda-apartamento-t2complexo-por-do-sol-na-praia-do-cabral-em-sal-rei-ilha-da-boa-vista-cabo-verde\/\" class=\"listing-featured-thumb hover-effect\">\n\t\t\t<img decoding=\"async\" width=\"592\" height=\"444\" src=\"https:\/\/ayodele.cv\/imobiliaria\/wp-content\/uploads\/2024\/05\/batch_IMG-6332-592x444.jpg\" class=\"img-fluid wp-post-image\" alt=\"\" srcset=\"https:\/\/ayodele.cv\/imobiliaria\/wp-content\/uploads\/2024\/05\/batch_IMG-6332-592x444.jpg 592w, https:\/\/ayodele.cv\/imobiliaria\/wp-content\/uploads\/2024\/05\/batch_IMG-6332-300x225.jpg 300w, https:\/\/ayodele.cv\/imobiliaria\/wp-content\/uploads\/2024\/05\/batch_IMG-6332-768x575.jpg 768w, https:\/\/ayodele.cv\/imobiliaria\/wp-content\/uploads\/2024\/05\/batch_IMG-6332-584x438.jpg 584w, https:\/\/ayodele.cv\/imobiliaria\/wp-content\/uploads\/2024\/05\/batch_IMG-6332-801x600.jpg 801w, https:\/\/ayodele.cv\/imobiliaria\/wp-content\/uploads\/2024\/05\/batch_IMG-6332-120x90.jpg 120w, https:\/\/ayodele.cv\/imobiliaria\/wp-content\/uploads\/2024\/05\/batch_IMG-6332-496x371.jpg 496w, https:\/\/ayodele.cv\/imobiliaria\/wp-content\/uploads\/2024\/05\/batch_IMG-6332.jpg 903w\" sizes=\"(max-width: 592px) 100vw, 592px\" \/>\t\t<\/a><!-- hover-effect -->\n\t<\/div>\n<\/div>\n\t\t\t\t<div class=\"preview_loader\"><\/div>\n\t\t\t<\/div><!-- item-header -->\t\n\t\t\t<div class=\"item-body flex-grow-1\">\n\t\t\t\t\t\t\t\t<h2 class=\"item-title\">\n\t<a href=\"https:\/\/ayodele.cv\/imobiliaria\/property\/disponivel-para-venda-apartamento-t2complexo-por-do-sol-na-praia-do-cabral-em-sal-rei-ilha-da-boa-vista-cabo-verde\/\">Dispon\u00edvel para venda Apartamento T2,complexo \u201cPor do Sol\u201d na Praia do Cabral em Sal Rei, Ilha da Boa Vista, Cabo Verde.<\/a>\n<\/h2><!-- item-title -->\t\t\t\t<ul class=\"item-price-wrap hide-on-list\">\n\t<li class=\"item-price item-price-text\"><\/li><\/ul>\t\t\t\t<address class=\"item-address\">Santa Maria, Ilha do Sal<\/address>\t\t\t\t<ul class=\"item-amenities item-amenities-with-icons\">\n\t<\/ul>\t\t\t\t<a class=\"btn btn-primary btn-item \" href=\"https:\/\/ayodele.cv\/imobiliaria\/property\/disponivel-para-venda-apartamento-t2complexo-por-do-sol-na-praia-do-cabral-em-sal-rei-ilha-da-boa-vista-cabo-verde\/\">\n\tDetalhes<\/a><!-- btn-item -->\n\t\t\t\t<div class=\"item-author\">\n\t<i class=\"houzez-icon icon-single-neutral mr-1\"><\/i>\n\t<a href=\"https:\/\/ayodele.cv\/imobiliaria\/agent\/brittany-watkins\/\">Paulo Rocha<\/a> <\/div><!-- item-author -->\n\t\t\t\t<div class=\"item-date\">\n\t<i class=\"houzez-icon icon-attachment mr-1\"><\/i>\n\t2 anos atr\u00e1s<\/div><!-- item-date -->\n\t\t\t<\/div><!-- item-body -->\n\n\t\t\t\t\t\t<div class=\"item-footer clearfix\">\n\t\t\t\t<div class=\"item-author\">\n\t<i class=\"houzez-icon icon-single-neutral mr-1\"><\/i>\n\t<a href=\"https:\/\/ayodele.cv\/imobiliaria\/agent\/brittany-watkins\/\">Paulo Rocha<\/a> <\/div><!-- item-author -->\n\t\t\t\t<div class=\"item-date\">\n\t<i class=\"houzez-icon icon-attachment mr-1\"><\/i>\n\t2 anos atr\u00e1s<\/div><!-- item-date -->\n\t\t\t<\/div>\n\t\t\t\t\t<\/div><!-- d-flex -->\n\t<\/div><!-- item-wrap -->\n<\/div><!-- item-listing-wrap --><div class=\"item-listing-wrap hz-item-gallery-js card\" data-hz-id=\"hz-5195\" data-images=\"[&quot;https:\\\/\\\/ayodele.cv\\\/imobiliaria\\\/wp-content\\\/uploads\\\/2024\\\/05\\\/438245514_2141739572864731_2270074218856401348_n.jpg&quot;,&quot;https:\\\/\\\/ayodele.cv\\\/imobiliaria\\\/wp-content\\\/uploads\\\/2024\\\/05\\\/438158874_453364360539279_5624142201219965447_n.jpg&quot;,&quot;https:\\\/\\\/ayodele.cv\\\/imobiliaria\\\/wp-content\\\/uploads\\\/2024\\\/05\\\/438209023_1446910735967807_1110187112559527513_n.jpg&quot;,&quot;https:\\\/\\\/ayodele.cv\\\/imobiliaria\\\/wp-content\\\/uploads\\\/2024\\\/05\\\/438231436_2182846028731745_7608906821132972932_n.jpg&quot;,&quot;https:\\\/\\\/ayodele.cv\\\/imobiliaria\\\/wp-content\\\/uploads\\\/2024\\\/05\\\/438231595_963980075382470_1027779456148060491_n.jpg&quot;,&quot;https:\\\/\\\/ayodele.cv\\\/imobiliaria\\\/wp-content\\\/uploads\\\/2024\\\/05\\\/438231789_982668176166951_2603460809065576175_n.jpg&quot;,&quot;https:\\\/\\\/ayodele.cv\\\/imobiliaria\\\/wp-content\\\/uploads\\\/2024\\\/05\\\/438231870_1465483834062347_4488643965485319608_n-318x444.jpg&quot;,&quot;https:\\\/\\\/ayodele.cv\\\/imobiliaria\\\/wp-content\\\/uploads\\\/2024\\\/05\\\/438238242_962587685544681_1916146715910819767_n-318x444.jpg&quot;,&quot;https:\\\/\\\/ayodele.cv\\\/imobiliaria\\\/wp-content\\\/uploads\\\/2024\\\/05\\\/438238315_1513646176164648_8326695337149224188_n.jpg&quot;,&quot;https:\\\/\\\/ayodele.cv\\\/imobiliaria\\\/wp-content\\\/uploads\\\/2024\\\/05\\\/438238318_888555376409583_1454621100066973699_n.jpg&quot;,&quot;https:\\\/\\\/ayodele.cv\\\/imobiliaria\\\/wp-content\\\/uploads\\\/2024\\\/05\\\/438245468_1638202880261856_1361066268985365490_n.jpg&quot;,&quot;https:\\\/\\\/ayodele.cv\\\/imobiliaria\\\/wp-content\\\/uploads\\\/2024\\\/05\\\/438245514_2141739572864731_2270074218856401348_n.jpg&quot;,&quot;https:\\\/\\\/ayodele.cv\\\/imobiliaria\\\/wp-content\\\/uploads\\\/2024\\\/05\\\/438246248_1655897005214811_3627932652536928180_n.jpg&quot;,&quot;https:\\\/\\\/ayodele.cv\\\/imobiliaria\\\/wp-content\\\/uploads\\\/2024\\\/05\\\/438246476_3352076068425823_8554242040045581053_n.jpg&quot;,&quot;https:\\\/\\\/ayodele.cv\\\/imobiliaria\\\/wp-content\\\/uploads\\\/2024\\\/05\\\/438246504_1492484258336124_7682385367036793858_n.jpg&quot;,&quot;https:\\\/\\\/ayodele.cv\\\/imobiliaria\\\/wp-content\\\/uploads\\\/2024\\\/05\\\/438267290_327943123655335_2610549275903533865_n-318x444.jpg&quot;,&quot;https:\\\/\\\/ayodele.cv\\\/imobiliaria\\\/wp-content\\\/uploads\\\/2024\\\/05\\\/438270923_459387096632803_3326724319997698381_n.jpg&quot;,&quot;https:\\\/\\\/ayodele.cv\\\/imobiliaria\\\/wp-content\\\/uploads\\\/2024\\\/05\\\/438271518_318888497731353_679625860869473581_n.jpg&quot;]\">\n\t<div class=\"item-wrap item-wrap-v1 item-wrap-no-frame h-100\">\n\t\t<div class=\"d-flex align-items-center h-100\">\n\t\t\t<div class=\"item-header\">\n\t\t\t\t<span class=\"label-featured label\">Destaque<\/span>\t\t\t\t\t\t\t\t<ul class=\"item-price-wrap hide-on-list\">\n\t<li class=\"item-price item-price-text\"><\/li><\/ul>\t\t\t\t<ul class=\"item-tools\">\n\n        <li class=\"item-tool item-preview\">\n        <span class=\"hz-show-lightbox-js\" data-listid=\"5195\" data-toggle=\"tooltip\" data-placement=\"top\" title=\"Visualizar\">\n                <i class=\"houzez-icon icon-expand-3\"><\/i>   \n        <\/span><!-- item-tool-favorite -->\n    <\/li><!-- item-tool -->\n        \n        <li class=\"item-tool item-favorite\">\n        <span class=\"add-favorite-js item-tool-favorite\" data-toggle=\"tooltip\" data-placement=\"top\" title=\"Favoritos\" data-listid=\"5195\">\n            <i class=\"houzez-icon icon-love-it \"><\/i> \n        <\/span><!-- item-tool-favorite -->\n    <\/li><!-- item-tool -->\n    \n        <li class=\"item-tool item-compare\">\n        <span class=\"houzez_compare compare-5195 item-tool-compare show-compare-panel\" data-toggle=\"tooltip\" data-placement=\"top\" title=\"Adicionar compara\u00e7\u00e3o\" data-listing_id=\"5195\" data-listing_image=\"https:\/\/ayodele.cv\/imobiliaria\/wp-content\/uploads\/2024\/05\/438245514_2141739572864731_2270074218856401348_n.jpg\">\n            <i class=\"houzez-icon icon-add-circle\"><\/i>\n        <\/span><!-- item-tool-compare -->\n    <\/li><!-- item-tool -->\n    <\/ul><!-- item-tools -->\n\t\t\t\t<div class=\"listing-image-wrap\">\n\t<div class=\"listing-thumb\">\n\t\t<a href=\"https:\/\/ayodele.cv\/imobiliaria\/property\/vende-se-bb-muito-perto-da-praia-do-estoril-sal-rei-boa-vista-cabo-verde\/\" class=\"listing-featured-thumb hover-effect\">\n\t\t\t<img loading=\"lazy\" decoding=\"async\" width=\"320\" height=\"320\" src=\"https:\/\/ayodele.cv\/imobiliaria\/wp-content\/uploads\/2024\/05\/438245514_2141739572864731_2270074218856401348_n.jpg\" class=\"img-fluid wp-post-image\" alt=\"\" srcset=\"https:\/\/ayodele.cv\/imobiliaria\/wp-content\/uploads\/2024\/05\/438245514_2141739572864731_2270074218856401348_n.jpg 320w, https:\/\/ayodele.cv\/imobiliaria\/wp-content\/uploads\/2024\/05\/438245514_2141739572864731_2270074218856401348_n-300x300.jpg 300w, https:\/\/ayodele.cv\/imobiliaria\/wp-content\/uploads\/2024\/05\/438245514_2141739572864731_2270074218856401348_n-150x150.jpg 150w\" sizes=\"(max-width: 320px) 100vw, 320px\" \/>\t\t<\/a><!-- hover-effect -->\n\t<\/div>\n<\/div>\n\t\t\t\t<div class=\"preview_loader\"><\/div>\n\t\t\t<\/div><!-- item-header -->\t\n\t\t\t<div class=\"item-body flex-grow-1\">\n\t\t\t\t\t\t\t\t<h2 class=\"item-title\">\n\t<a href=\"https:\/\/ayodele.cv\/imobiliaria\/property\/vende-se-bb-muito-perto-da-praia-do-estoril-sal-rei-boa-vista-cabo-verde\/\">Vende-se B&amp;B, muito perto da Praia do Estoril, Sal Rei, Boa Vista, Cabo Verde<\/a>\n<\/h2><!-- item-title -->\t\t\t\t<ul class=\"item-price-wrap hide-on-list\">\n\t<li class=\"item-price item-price-text\"><\/li><\/ul>\t\t\t\t<address class=\"item-address\">Santa Maria, Ilha do Sal<\/address>\t\t\t\t<ul class=\"item-amenities item-amenities-with-icons\">\n\t<\/ul>\t\t\t\t<a class=\"btn btn-primary btn-item \" href=\"https:\/\/ayodele.cv\/imobiliaria\/property\/vende-se-bb-muito-perto-da-praia-do-estoril-sal-rei-boa-vista-cabo-verde\/\">\n\tDetalhes<\/a><!-- btn-item -->\n\t\t\t\t<div class=\"item-author\">\n\t<i class=\"houzez-icon icon-single-neutral mr-1\"><\/i>\n\t<a href=\"https:\/\/ayodele.cv\/imobiliaria\/agent\/brittany-watkins\/\">Paulo Rocha<\/a> <\/div><!-- item-author -->\n\t\t\t\t<div class=\"item-date\">\n\t<i class=\"houzez-icon icon-attachment mr-1\"><\/i>\n\t2 anos atr\u00e1s<\/div><!-- item-date -->\n\t\t\t<\/div><!-- item-body -->\n\n\t\t\t\t\t\t<div class=\"item-footer clearfix\">\n\t\t\t\t<div class=\"item-author\">\n\t<i class=\"houzez-icon icon-single-neutral mr-1\"><\/i>\n\t<a href=\"https:\/\/ayodele.cv\/imobiliaria\/agent\/brittany-watkins\/\">Paulo Rocha<\/a> <\/div><!-- item-author -->\n\t\t\t\t<div class=\"item-date\">\n\t<i class=\"houzez-icon icon-attachment mr-1\"><\/i>\n\t2 anos atr\u00e1s<\/div><!-- item-date -->\n\t\t\t<\/div>\n\t\t\t\t\t<\/div><!-- d-flex -->\n\t<\/div><!-- item-wrap -->\n<\/div><!-- item-listing-wrap -->\r\n\t\t\t<\/div><!-- listing-view -->\r\n\r\n\t\t\t\t\t\t\t<div id=\"fave-pagination-loadmore\" class=\"load-more-wrap fave-load-more\">\r\n                    <a class=\"btn btn-primary-outlined btn-load-more\"  \r\n                    data-paged=\"2\" \r\n                    data-prop-limit=\"9\" \r\n                    data-card=\"item-v1\" \r\n                    data-type=\"\" \r\n                    data-status=\"\" \r\n                    data-state=\"\" \r\n                    data-city=\"boa-vista\" \r\n                    data-country=\"\" \r\n                    data-area=\"\" \r\n                    data-label=\"\" \r\n                    data-user-role=\"\" \r\n                    data-featured-prop=\"\" \r\n                    data-offset=\"\"\r\n                    data-sortby=\"\"\r\n                    href=\"#\">\r\n                    \t<span class=\"btn-loader houzez-loader-js\"><\/span>                    \tCarregue mais\t\t\r\n                    <\/a>               \r\n\t\t\t\t<\/div><!-- load-more-wrap -->\r\n\t\t\t\t\t<\/div><!-- property-grid-module -->\r\n\r\n\t\t\t\t<\/div>\n\t\t\t\t<\/div>\n\t\t\t\t<div class=\"elementor-element elementor-element-1ee6a1fa elementor-widget elementor-widget-spacer\" data-id=\"1ee6a1fa\" data-element_type=\"widget\" data-widget_type=\"spacer.default\">\n\t\t\t\t<div class=\"elementor-widget-container\">\n\t\t\t\t\t<div class=\"elementor-spacer\">\n\t\t\t<div class=\"elementor-spacer-inner\"><\/div>\n\t\t<\/div>\n\t\t\t\t<\/div>\n\t\t\t\t<\/div>\n\t\t\t\t<div class=\"elementor-element elementor-element-c47dac6 elementor-widget elementor-widget-spacer\" data-id=\"c47dac6\" data-element_type=\"widget\" data-widget_type=\"spacer.default\">\n\t\t\t\t<div class=\"elementor-widget-container\">\n\t\t\t\t\t<div class=\"elementor-spacer\">\n\t\t\t<div class=\"elementor-spacer-inner\"><\/div>\n\t\t<\/div>\n\t\t\t\t<\/div>\n\t\t\t\t<\/div>\n\t\t\t\t\t<\/div>\n\t\t<\/div>\n\t\t\t\t\t\t\t<\/div>\n\t\t<\/section>\n\t\t<div class=\"elementor-element elementor-element-08a7d6f e-flex e-con-boxed e-con e-parent\" data-id=\"08a7d6f\" data-element_type=\"container\" data-settings=\"{&quot;content_width&quot;:&quot;boxed&quot;}\" data-core-v316-plus=\"true\">\n\t\t\t\t\t<div class=\"e-con-inner\">\n\t\t\t\t<div class=\"elementor-element elementor-element-c20c790 elementor-widget elementor-widget-spacer\" data-id=\"c20c790\" data-element_type=\"widget\" data-widget_type=\"spacer.default\">\n\t\t\t\t<div class=\"elementor-widget-container\">\n\t\t\t\t\t<div class=\"elementor-spacer\">\n\t\t\t<div class=\"elementor-spacer-inner\"><\/div>\n\t\t<\/div>\n\t\t\t\t<\/div>\n\t\t\t\t<\/div>\n\t\t\t\t\t<\/div>\n\t\t\t\t<\/div>\n\t\t\t\t\t\t\t<\/div>\n\t\t","protected":false},"excerpt":{"rendered":"<p>Ilha da Boa Vista Im\u00f3veis Boa Vista No listing found. Carregue mais<\/p>\n","protected":false},"author":1,"featured_media":0,"parent":0,"menu_order":0,"comment_status":"closed","ping_status":"closed","template":"elementor_header_footer","meta":{"footnotes":""},"class_list":["post-5080","page","type-page","status-publish","hentry"],"_links":{"self":[{"href":"https:\/\/ayodele.cv\/imobiliaria\/wp-json\/wp\/v2\/pages\/5080","targetHints":{"allow":["GET"]}}],"collection":[{"href":"https:\/\/ayodele.cv\/imobiliaria\/wp-json\/wp\/v2\/pages"}],"about":[{"href":"https:\/\/ayodele.cv\/imobiliaria\/wp-json\/wp\/v2\/types\/page"}],"author":[{"embeddable":true,"href":"https:\/\/ayodele.cv\/imobiliaria\/wp-json\/wp\/v2\/users\/1"}],"replies":[{"embeddable":true,"href":"https:\/\/ayodele.cv\/imobiliaria\/wp-json\/wp\/v2\/comments?post=5080"}],"version-history":[{"count":7,"href":"https:\/\/ayodele.cv\/imobiliaria\/wp-json\/wp\/v2\/pages\/5080\/revisions"}],"predecessor-version":[{"id":5193,"href":"https:\/\/ayodele.cv\/imobiliaria\/wp-json\/wp\/v2\/pages\/5080\/revisions\/5193"}],"wp:attachment":[{"href":"https:\/\/ayodele.cv\/imobiliaria\/wp-json\/wp\/v2\/media?parent=5080"}],"curies":[{"name":"wp","href":"https:\/\/api.w.org\/{rel}","templated":true}]}}